{"id":50893,"date":"2026-04-16T16:10:37","date_gmt":"2026-04-16T14:10:37","guid":{"rendered":"https:\/\/theresales.nl\/?post_type=product&#038;p=50893"},"modified":"2026-04-17T11:11:16","modified_gmt":"2026-04-17T09:11:16","slug":"buzzispace-buzzicube-3d-grun","status":"publish","type":"product","link":"https:\/\/theresales.nl\/de\/product\/buzzispace-buzzicube-3d-groen\/","title":{"rendered":"BuzziSpace BuzziW\u00fcrfel 3D gr\u00fcn"},"content":{"rendered":"<p data-path-to-node=\"2\">Diese <b data-path-to-node=\"2\" data-index-in-node=\"5\">BuzziSpace BuzziW\u00fcrfel 3D gr\u00fcn <\/b>ist ein kompaktes und sehr funktionales <a href=\"https:\/\/theresales.nl\/de\/produktkategorie\/poef-hocker-voetenbank\/\">Puff<\/a>, perfekt als flexible Sitzgelegenheit oder Fu\u00dfhocker. Wie die gr\u00f6\u00dfere Variante wurde dieser Kubus von dem <b data-path-to-node=\"2\" data-index-in-node=\"181\"><a href=\"https:\/\/www.instagram.com\/buzzispace\/\">BuzziRaum<\/a> Design-Team<\/b> (mit Alain Gilles f\u00fcr das 3D-Design). Die auff\u00e4llige 3D-Struktur verleiht dem Pouf ein modernes Aussehen, aber es ist vor allem eine intelligente akustische L\u00f6sung. Der Pouf besteht aus schallabsorbierendem Schaumstoff und ist mit recyceltem Filzstoff bezogen (<b data-path-to-node=\"2\" data-index-in-node=\"444\">BuzziFelt<\/b>), was hilft, den Nachhall im Raum zu reduzieren.<\/p>\n<p data-path-to-node=\"3\">Die Polsterung ist eine strapazierf\u00e4hige Mischung aus recycelter Wolle und Polyacryl, ausgef\u00fchrt in einem zeitlosen, dunkelgr\u00fcnen Farbton. Dieses Filz ist weich, bequem, aber vor allem sehr verschlei\u00dffest und pflegeleicht. Wie auf den Fotos zu sehen ist, befindet sich dieses <b data-path-to-node=\"2\" data-index-in-node=\"181\">BuzziRaum <\/b><b data-path-to-node=\"3\" data-index-in-node=\"250\">BuzziCube 3D gr\u00fcn <\/b>in einem ausgezeichneten Zustand und er sieht aus wie neu. Die Unterseite ist mit einem <b data-path-to-node=\"3\" data-index-in-node=\"356\">schwarze rutschfeste schicht<\/b>, damit der Hocker stabil bleibt. Ein praktisches, stilvolles und schallabsorbierendes Designst\u00fcck, das sofort Ruhe in Ihr Interieur bringt.<\/p>","protected":false},"excerpt":{"rendered":"<p><strong>Abmessungen<\/strong><br \/>\nBreite: 47 cm<br \/>\nTiefe: 47 cm<br \/>\nH\u00f6he: 44 cm<\/p>\n<p><strong>Farbe<\/strong> Gr\u00fcn<\/p>\n<p><strong>Material<\/strong> Hochwertiger Filz (oft <b data-path-to-node=\"1,0,0\" data-index-in-node=\"34\">BuzziFelt<\/b>). Dies ist hergestellt aus 100% recycelten PET-Flaschen.<\/p>","protected":false},"featured_media":50894,"template":"","meta":{"_acf_changed":false},"product_brand":[],"product_cat":[25],"product_tag":[334],"ontwerper":[],"class_list":{"0":"post-50893","1":"product","2":"type-product","3":"status-publish","4":"has-post-thumbnail","6":"product_cat-poef-hocker-voetenbank","7":"product_tag-buzzispace","9":"first","10":"instock","11":"shipping-taxable","12":"purchasable","13":"product-type-simple"},"acf":[],"yoast_head":"<!-- This site is optimized with the Yoast SEO plugin v27.5 - https:\/\/yoast.com\/product\/yoast-seo-wordpress\/ -->\n<title>BuzziSpace BuzziCube 3D groen - TheReSales<\/title>\n<meta name=\"description\" content=\"Groene BuzziSpace BuzziCube 3D groen poef. Compact akoestisch design van Alain Gilles in gerecycled BuzziFelt. Zo goed als nieuw en direct leverbaar.\" \/>\n<meta name=\"robots\" content=\"index, follow, max-snippet:-1, max-image-preview:large, max-video-preview:-1\" \/>\n<link rel=\"canonical\" href=\"https:\/\/theresales.nl\/de\/produkt\/buzzispace-buzzicube-3d-grun\/\" \/>\n<meta property=\"og:locale\" content=\"de_DE\" \/>\n<meta property=\"og:type\" content=\"article\" \/>\n<meta property=\"og:title\" content=\"BuzziSpace BuzziCube 3D groen - TheReSales\" \/>\n<meta property=\"og:description\" content=\"Groene BuzziSpace BuzziCube 3D groen poef. Compact akoestisch design van Alain Gilles in gerecycled BuzziFelt. Zo goed als nieuw en direct leverbaar.\" \/>\n<meta property=\"og:url\" content=\"https:\/\/theresales.nl\/de\/produkt\/buzzispace-buzzicube-3d-grun\/\" \/>\n<meta property=\"og:site_name\" content=\"TheReSales\" \/>\n<meta property=\"article:publisher\" content=\"https:\/\/www.facebook.com\/theresales.nl\" \/>\n<meta property=\"article:modified_time\" content=\"2026-04-17T09:11:16+00:00\" \/>\n<meta property=\"og:image\" content=\"https:\/\/theresales.nl\/wp-content\/uploads\/2026\/04\/grien1.png\" \/>\n\t<meta property=\"og:image:width\" content=\"1200\" \/>\n\t<meta property=\"og:image:height\" content=\"900\" \/>\n\t<meta property=\"og:image:type\" content=\"image\/png\" \/>\n<meta name=\"twitter:card\" content=\"summary_large_image\" \/>\n<meta name=\"twitter:label1\" content=\"Gesch\u00e4tzte Lesezeit\" \/>\n\t<meta name=\"twitter:data1\" content=\"1\u00a0Minute\" \/>\n<!-- \/ Yoast SEO plugin. -->","yoast_head_json":{"title":"BuzziSpace BuzziCube 3D gr\u00fcn - TheReSales","description":"Gr\u00fcner BuzziSpace BuzziCube 3D Pouf. Kompaktes Akustikdesign von Alain Gilles aus recyceltem BuzziFelt. Praktisch neu und sofort lieferbar.","robots":{"index":"index","follow":"follow","max-snippet":"max-snippet:-1","max-image-preview":"max-image-preview:large","max-video-preview":"max-video-preview:-1"},"canonical":"https:\/\/theresales.nl\/de\/produkt\/buzzispace-buzzicube-3d-grun\/","og_locale":"de_DE","og_type":"article","og_title":"BuzziSpace BuzziCube 3D groen - TheReSales","og_description":"Groene BuzziSpace BuzziCube 3D groen poef. Compact akoestisch design van Alain Gilles in gerecycled BuzziFelt. Zo goed als nieuw en direct leverbaar.","og_url":"https:\/\/theresales.nl\/de\/produkt\/buzzispace-buzzicube-3d-grun\/","og_site_name":"TheReSales","article_publisher":"https:\/\/www.facebook.com\/theresales.nl","article_modified_time":"2026-04-17T09:11:16+00:00","og_image":[{"width":1200,"height":900,"url":"https:\/\/theresales.nl\/wp-content\/uploads\/2026\/04\/grien1.png","type":"image\/png"}],"twitter_card":"summary_large_image","twitter_misc":{"Gesch\u00e4tzte Lesezeit":"1\u00a0Minute"},"schema":{"@context":"https:\/\/schema.org","@graph":[{"@type":"WebPage","@id":"https:\/\/theresales.nl\/product\/buzzispace-buzzicube-3d-groen\/","url":"https:\/\/theresales.nl\/product\/buzzispace-buzzicube-3d-groen\/","name":"BuzziSpace BuzziCube 3D gr\u00fcn - TheReSales","isPartOf":{"@id":"https:\/\/theresales.nl\/#website"},"primaryImageOfPage":{"@id":"https:\/\/theresales.nl\/product\/buzzispace-buzzicube-3d-groen\/#primaryimage"},"image":{"@id":"https:\/\/theresales.nl\/product\/buzzispace-buzzicube-3d-groen\/#primaryimage"},"thumbnailUrl":"https:\/\/theresales.nl\/wp-content\/uploads\/2026\/04\/grien1.png","datePublished":"2026-04-16T14:10:37+00:00","dateModified":"2026-04-17T09:11:16+00:00","description":"Gr\u00fcner BuzziSpace BuzziCube 3D Pouf. Kompaktes Akustikdesign von Alain Gilles aus recyceltem BuzziFelt. Praktisch neu und sofort lieferbar.","breadcrumb":{"@id":"https:\/\/theresales.nl\/product\/buzzispace-buzzicube-3d-groen\/#breadcrumb"},"inLanguage":"de","potentialAction":[{"@type":"ReadAction","target":["https:\/\/theresales.nl\/product\/buzzispace-buzzicube-3d-groen\/"]}]},{"@type":"ImageObject","inLanguage":"de","@id":"https:\/\/theresales.nl\/product\/buzzispace-buzzicube-3d-groen\/#primaryimage","url":"https:\/\/theresales.nl\/wp-content\/uploads\/2026\/04\/grien1.png","contentUrl":"https:\/\/theresales.nl\/wp-content\/uploads\/2026\/04\/grien1.png","width":1200,"height":900,"caption":"BuzziSpace-BuzziCube-3D-groen-theresales"},{"@type":"BreadcrumbList","@id":"https:\/\/theresales.nl\/product\/buzzispace-buzzicube-3d-groen\/#breadcrumb","itemListElement":[{"@type":"ListItem","position":1,"name":"Home","item":"https:\/\/theresales.nl\/"},{"@type":"ListItem","position":2,"name":"Collectie","item":"https:\/\/theresales.nl\/collectie\/"},{"@type":"ListItem","position":3,"name":"BuzziSpace BuzziCube 3D groen"}]},{"@type":"WebSite","@id":"https:\/\/theresales.nl\/#website","url":"https:\/\/theresales.nl\/","name":"TheReSales","description":"Tweedehands Design Meubelen","publisher":{"@id":"https:\/\/theresales.nl\/#organization"},"potentialAction":[{"@type":"SearchAction","target":{"@type":"EntryPoint","urlTemplate":"https:\/\/theresales.nl\/?s={search_term_string}"},"query-input":{"@type":"PropertyValueSpecification","valueRequired":true,"valueName":"search_term_string"}}],"inLanguage":"de"},{"@type":"Organization","@id":"https:\/\/theresales.nl\/#organization","name":"TheReSales","url":"https:\/\/theresales.nl\/","logo":{"@type":"ImageObject","inLanguage":"de","@id":"https:\/\/theresales.nl\/#\/schema\/logo\/image\/","url":"https:\/\/theresales.nl\/wp-content\/uploads\/2026\/04\/Logo-TheReSales.png","contentUrl":"https:\/\/theresales.nl\/wp-content\/uploads\/2026\/04\/Logo-TheReSales.png","width":1200,"height":304,"caption":"TheReSales"},"image":{"@id":"https:\/\/theresales.nl\/#\/schema\/logo\/image\/"},"sameAs":["https:\/\/www.facebook.com\/theresales.nl","https:\/\/www.instagram.com\/_theresales_\/","https:\/\/nl.pinterest.com\/theresalesgroningen\/","https:\/\/www.linkedin.com\/company\/theresales\/"]}]}},"_links":{"self":[{"href":"https:\/\/theresales.nl\/de\/wp-json\/wp\/v2\/product\/50893","targetHints":{"allow":["GET"]}}],"collection":[{"href":"https:\/\/theresales.nl\/de\/wp-json\/wp\/v2\/product"}],"about":[{"href":"https:\/\/theresales.nl\/de\/wp-json\/wp\/v2\/types\/product"}],"wp:featuredmedia":[{"embeddable":true,"href":"https:\/\/theresales.nl\/de\/wp-json\/wp\/v2\/media\/50894"}],"wp:attachment":[{"href":"https:\/\/theresales.nl\/de\/wp-json\/wp\/v2\/media?parent=50893"}],"wp:term":[{"taxonomy":"product_brand","embeddable":true,"href":"https:\/\/theresales.nl\/de\/wp-json\/wp\/v2\/product_brand?post=50893"},{"taxonomy":"product_cat","embeddable":true,"href":"https:\/\/theresales.nl\/de\/wp-json\/wp\/v2\/product_cat?post=50893"},{"taxonomy":"product_tag","embeddable":true,"href":"https:\/\/theresales.nl\/de\/wp-json\/wp\/v2\/product_tag?post=50893"},{"taxonomy":"ontwerper","embeddable":true,"href":"https:\/\/theresales.nl\/de\/wp-json\/wp\/v2\/ontwerper?post=50893"}],"curies":[{"name":"wp","href":"https:\/\/api.w.org\/{rel}","templated":true}]}}